{"id":68,"date":"2021-02-24T18:09:19","date_gmt":"2021-02-24T21:09:19","guid":{"rendered":"http:\/\/34.239.117.254\/?page_id=68"},"modified":"2021-10-04T17:54:55","modified_gmt":"2021-10-04T20:54:55","slug":"revista","status":"publish","type":"page","link":"https:\/\/www.ayadvogados.com.br\/?page_id=68","title":{"rendered":"Revista Governan\u00e7a Jur\u00eddica"},"content":{"rendered":"\t\t<div data-elementor-type=\"wp-page\" data-elementor-id=\"68\" class=\"elementor elementor-68\" data-elementor-post-type=\"page\">\n\t\t\t\t\t\t<section class=\"elementor-section elementor-top-section elementor-element elementor-element-850836b ct-section-stretched elementor-section-content-middle elementor-section-boxed elementor-section-height-default elementor-section-height-default\" data-id=\"850836b\" data-element_type=\"section\" data-e-type=\"section\" data-settings=\"{&quot;background_background&quot;:&quot;classic&quot;}\">\n\t\t\t\t\t\t<div class=\"elementor-container elementor-column-gap-default\">\n\t\t\t\t\t<div class=\"elementor-column elementor-col-50 elementor-top-column elementor-element elementor-element-de18dd1\" data-id=\"de18dd1\" data-element_type=\"column\" data-e-type=\"column\">\n\t\t\t<div class=\"elementor-widget-wrap elementor-element-populated\">\n\t\t\t\t\t\t<div class=\"elementor-element elementor-element-a119826 elementor-widget elementor-widget-image\" data-id=\"a119826\" data-element_type=\"widget\" data-e-type=\"widget\" data-widget_type=\"image.default\">\n\t\t\t\t<div class=\"elementor-widget-container\">\n\t\t\t\t\t\t\t\t\t\t\t\t\t\t\t<img fetchpriority=\"high\" decoding=\"async\" width=\"823\" height=\"849\" src=\"https:\/\/www.ayadvogados.com.br\/wp-content\/uploads\/2021\/04\/revista-gov.png\" class=\"attachment-large size-large wp-image-1006\" alt=\"\" srcset=\"https:\/\/www.ayadvogados.com.br\/wp-content\/uploads\/2021\/04\/revista-gov.png 823w, https:\/\/www.ayadvogados.com.br\/wp-content\/uploads\/2021\/04\/revista-gov-291x300.png 291w, https:\/\/www.ayadvogados.com.br\/wp-content\/uploads\/2021\/04\/revista-gov-768x792.png 768w\" sizes=\"(max-width: 823px) 100vw, 823px\" \/>\t\t\t\t\t\t\t\t\t\t\t\t\t\t\t<\/div>\n\t\t\t\t<\/div>\n\t\t\t\t\t<\/div>\n\t\t<\/div>\n\t\t\t\t<div class=\"elementor-column elementor-col-50 elementor-top-column elementor-element elementor-element-46a4f64\" data-id=\"46a4f64\" data-element_type=\"column\" data-e-type=\"column\">\n\t\t\t<div class=\"elementor-widget-wrap elementor-element-populated\">\n\t\t\t\t\t\t<div class=\"elementor-element elementor-element-d15f84c elementor-widget elementor-widget-text-editor\" data-id=\"d15f84c\" data-element_type=\"widget\" data-e-type=\"widget\" data-widget_type=\"text-editor.default\">\n\t\t\t\t<div class=\"elementor-widget-container\">\n\t\t\t\t\t\t\t\t\t<p>A <strong>Revista Governan\u00e7a Jur\u00eddica<\/strong>\u00a0cont\u00e9m mat\u00e9rias exclusivas dando dicas de ordem tribut\u00e1ria para que os empres\u00e1rios, independentemente do porte do seu neg\u00f3cio e profissionais respons\u00e1veis pelo jur\u00eddico e \u00e1rea fiscal das empresas, possam reduzir os seus custos atrav\u00e9s da Intelig\u00eancia de Neg\u00f3cio, Governan\u00e7a e Planejamento Tribut\u00e1rio. <br \/><br \/>Fa\u00e7a seu cadastro e tenha acesso gratuitamente \u00e0s 10 edi\u00e7\u00f5es da Revista.<\/p>\t\t\t\t\t\t\t\t<\/div>\n\t\t\t\t<\/div>\n\t\t\t\t<div class=\"elementor-element elementor-element-470bb01 form-revista elementor-hidden-desktop elementor-hidden-tablet elementor-hidden-mobile elementor-widget elementor-widget-html\" data-id=\"470bb01\" data-element_type=\"widget\" data-e-type=\"widget\" data-widget_type=\"html.default\">\n\t\t\t\t<div class=\"elementor-widget-container\">\n\t\t\t\t\t<form action=\"https:\/\/member.mailingboss.com\/index.php\/lists\/rw473o5ggp0ee\/subscribe\" method=\"post\" accept-charset=\"utf-8\" target=\"_blank\">\n    <div class=\"form-group\">\n        <input type=\"text\" class=\"form-control\" name=\"FNAME\" placeholder=\"Nome\" value=\"\" required \/>\n    <\/div>\n    <div class=\"form-group\">\n        <input type=\"text\" class=\"form-control\" name=\"EMAIL\" placeholder=\"Email\" value=\"\" required \/>\n    <\/div>\n    <div class=\"form-group\">\n        <input type=\"text\" class=\"form-control\" name=\"EMPRESA\" placeholder=\"Cargo\/Empresa\" value=\"\" required \/>\n    <\/div>\n    <div class=\"form-group\">\n\t<select class=\"form-control\" name=\"FUNC\" placeholder=\"N\u00famero de funcion\u00e1rios\">\n\t<option value=\"\">N\u00famero de funcion\u00e1rios<\/option>\n\t\t\t<option value=\"1\">At\u00e9 10 funcion\u00e1rios<\/option>\n\t\t\t<option value=\"2\">At\u00e9 100 funcion\u00e1rios<\/option>\n\t\t\t<option value=\"3\">Mais de 100 funcion\u00e1rios<\/option>\n\t\t<\/select>\n<\/div>\n    <div class=\"form-group aceite-lgpd\">\n        <label>Este site usa cookies para garantir uma melhor experi\u00eancia. Voc\u00ea aceita os Termos de Uso e Pol\u00edticas de Privacidade?  <span class=\"required\">*<\/span><\/label><br \/>\n        <input type=\"checkbox\" name=\"GDPR[]\" value=\"Sim\"  \/><span><strong>Sim, eu aceito<\/strong><\/span> <br \/>\n    <\/div>\n    \n        <div class=\"clearfix\"><!-- --><\/div>\n        <div class=\"actions\">\n        <button type=\"submit\" class=\"btn btn-primary btn-submit\">Quero Baixar a Revista e ter acesso as Lives<\/button>\n        <\/div>\n        <div class=\"clearfix\"><!-- --><\/div>\n    <\/form>\t\t\t\t<\/div>\n\t\t\t\t<\/div>\n\t\t\t\t<div class=\"elementor-element elementor-element-3b8f398 elementor-button-align-stretch elementor-widget elementor-widget-form\" data-id=\"3b8f398\" data-element_type=\"widget\" data-e-type=\"widget\" data-settings=\"{&quot;step_next_label&quot;:&quot;Next&quot;,&quot;step_previous_label&quot;:&quot;Previous&quot;,&quot;button_width&quot;:&quot;100&quot;,&quot;step_type&quot;:&quot;number_text&quot;,&quot;step_icon_shape&quot;:&quot;circle&quot;}\" data-widget_type=\"form.default\">\n\t\t\t\t<div class=\"elementor-widget-container\">\n\t\t\t\t\t\t\t<form class=\"elementor-form\" method=\"post\" name=\"New Form\" aria-label=\"New Form\">\n\t\t\t<input type=\"hidden\" name=\"post_id\" value=\"68\"\/>\n\t\t\t<input type=\"hidden\" name=\"form_id\" value=\"3b8f398\"\/>\n\t\t\t<input type=\"hidden\" name=\"referer_title\" value=\"Revista Governan\u00e7a Jur\u00eddica - Amaral, Yazbek Advogados\" \/>\n\n\t\t\t\t\t\t\t<input type=\"hidden\" name=\"queried_id\" value=\"68\"\/>\n\t\t\t\n\t\t\t<div class=\"elementor-form-fields-wrapper elementor-labels-\">\n\t\t\t\t\t\t\t\t<div class=\"elementor-field-type-text elementor-field-group elementor-column elementor-field-group-nome elementor-col-100 elementor-field-required\">\n\t\t\t\t\t\t\t\t\t\t\t\t<label for=\"form-field-nome\" class=\"elementor-field-label elementor-screen-only\">\n\t\t\t\t\t\t\t\tNome\t\t\t\t\t\t\t<\/label>\n\t\t\t\t\t\t\t\t\t\t\t\t\t\t<input size=\"1\" type=\"text\" name=\"form_fields[nome]\" id=\"form-field-nome\" class=\"elementor-field elementor-size-sm  elementor-field-textual\" placeholder=\"Nome\" required=\"required\">\n\t\t\t\t\t\t\t\t\t\t\t<\/div>\n\t\t\t\t\t\t\t\t<div class=\"elementor-field-type-email elementor-field-group elementor-column elementor-field-group-email elementor-col-100 elementor-field-required\">\n\t\t\t\t\t\t\t\t\t\t\t\t<label for=\"form-field-email\" class=\"elementor-field-label elementor-screen-only\">\n\t\t\t\t\t\t\t\tEmail\t\t\t\t\t\t\t<\/label>\n\t\t\t\t\t\t\t\t\t\t\t\t\t\t<input size=\"1\" type=\"email\" name=\"form_fields[email]\" id=\"form-field-email\" class=\"elementor-field elementor-size-sm  elementor-field-textual\" placeholder=\"Email\" required=\"required\">\n\t\t\t\t\t\t\t\t\t\t\t<\/div>\n\t\t\t\t\t\t\t\t<div class=\"elementor-field-type-text elementor-field-group elementor-column elementor-field-group-field_22f03a0 elementor-col-100\">\n\t\t\t\t\t\t\t\t\t\t\t\t<label for=\"form-field-field_22f03a0\" class=\"elementor-field-label elementor-screen-only\">\n\t\t\t\t\t\t\t\tCargo\/Empresa\t\t\t\t\t\t\t<\/label>\n\t\t\t\t\t\t\t\t\t\t\t\t\t\t<input size=\"1\" type=\"text\" name=\"form_fields[field_22f03a0]\" id=\"form-field-field_22f03a0\" class=\"elementor-field elementor-size-sm  elementor-field-textual\" placeholder=\"Cargo\/Empresa\">\n\t\t\t\t\t\t\t\t\t\t\t<\/div>\n\t\t\t\t\t\t\t\t<div class=\"elementor-field-type-select elementor-field-group elementor-column elementor-field-group-field_be979cc elementor-col-100\">\n\t\t\t\t\t\t\t\t\t\t\t\t<label for=\"form-field-field_be979cc\" class=\"elementor-field-label elementor-screen-only\">\n\t\t\t\t\t\t\t\tN\u00famero de Funcion\u00e1rios\t\t\t\t\t\t\t<\/label>\n\t\t\t\t\t\t\t\t<div class=\"elementor-field elementor-select-wrapper remove-before \">\n\t\t\t<div class=\"select-caret-down-wrapper\">\n\t\t\t\t<i aria-hidden=\"true\" class=\"eicon-caret-down\"><\/i>\t\t\t<\/div>\n\t\t\t<select name=\"form_fields[field_be979cc]\" id=\"form-field-field_be979cc\" class=\"elementor-field-textual elementor-size-sm\">\n\t\t\t\t\t\t\t\t\t<option value=\"At\u00e9 10 funcion\u00e1rios\">At\u00e9 10 funcion\u00e1rios<\/option>\n\t\t\t\t\t\t\t\t\t<option value=\"At\u00e9 100 funcion\u00e1rios\">At\u00e9 100 funcion\u00e1rios<\/option>\n\t\t\t\t\t\t\t\t\t<option value=\"Mais de 100 funcion\u00e1rios\">Mais de 100 funcion\u00e1rios<\/option>\n\t\t\t\t\t\t\t<\/select>\n\t\t<\/div>\n\t\t\t\t\t\t<\/div>\n\t\t\t\t\t\t\t\t<div class=\"elementor-field-type-html elementor-field-group elementor-column elementor-field-group-field_97c5e43 elementor-col-100\">\n\t\t\t\t\tEste site usa cookies para garantir uma melhor experi\u00eancia. Voc\u00ea aceita os Termos de Uso e Pol\u00edticas de Privacidade?\t\t\t\t<\/div>\n\t\t\t\t\t\t\t\t<div class=\"elementor-field-type-acceptance elementor-field-group elementor-column elementor-field-group-field_31c4ad5 elementor-col-100 elementor-field-required\">\n\t\t\t\t\t\t\t\t\t\t\t\t<label for=\"form-field-field_31c4ad5\" class=\"elementor-field-label elementor-screen-only\">\n\t\t\t\t\t\t\t\tLGPD\t\t\t\t\t\t\t<\/label>\n\t\t\t\t\t\t\t\t<div class=\"elementor-field-subgroup\">\n\t\t\t<span class=\"elementor-field-option\">\n\t\t\t\t<input type=\"checkbox\" name=\"form_fields[field_31c4ad5]\" id=\"form-field-field_31c4ad5\" class=\"elementor-field elementor-size-sm  elementor-acceptance-field\" required=\"required\">\n\t\t\t\t<label for=\"form-field-field_31c4ad5\">Sim, eu aceito<\/label>\t\t\t<\/span>\n\t\t<\/div>\n\t\t\t\t\t\t<\/div>\n\t\t\t\t\t\t\t\t<div class=\"elementor-field-group elementor-column elementor-field-type-submit elementor-col-100 e-form__buttons\">\n\t\t\t\t\t<button class=\"elementor-button elementor-size-sm\" type=\"submit\">\n\t\t\t\t\t\t<span class=\"elementor-button-content-wrapper\">\n\t\t\t\t\t\t\t\t\t\t\t\t\t\t\t\t\t\t\t\t\t\t<span class=\"elementor-button-text\">Quero Baixar a Revista e ter Acesso \u00e0s Lives<\/span>\n\t\t\t\t\t\t\t\t\t\t\t\t\t<\/span>\n\t\t\t\t\t<\/button>\n\t\t\t\t<\/div>\n\t\t\t<\/div>\n\t\t<\/form>\n\t\t\t\t\t\t<\/div>\n\t\t\t\t<\/div>\n\t\t\t\t\t<\/div>\n\t\t<\/div>\n\t\t\t\t\t<\/div>\n\t\t<\/section>\n\t\t\t\t<\/div>\n\t\t","protected":false},"excerpt":{"rendered":"<p>A Revista Governan\u00e7a Jur\u00eddica\u00a0cont\u00e9m mat\u00e9rias exclusivas dando dicas de ordem tribut\u00e1ria para que os empres\u00e1rios, independentemente do porte do seu neg\u00f3cio e profissionais respons\u00e1veis pelo jur\u00eddico e \u00e1rea fiscal das empresas, possam reduzir os seus custos atrav\u00e9s da Intelig\u00eancia de Neg\u00f3cio, Governan\u00e7a e Planejamento Tribut\u00e1rio. Fa\u00e7a seu cadastro e tenha acesso gratuitamente \u00e0s 10 edi\u00e7\u00f5es [&hellip;]<\/p>\n","protected":false},"author":3,"featured_media":0,"parent":0,"menu_order":0,"comment_status":"closed","ping_status":"closed","template":"","meta":{"footnotes":""},"class_list":["post-68","page","type-page","status-publish","hentry"],"blocksy_meta":{"styles_descriptor":{"styles":{"desktop":"","tablet":"","mobile":""},"google_fonts":[],"version":6}},"yoast_head":"<!-- This site is optimized with the Yoast SEO plugin v27.5 - https:\/\/yoast.com\/product\/yoast-seo-wordpress\/ -->\n<title>Revista Governan\u00e7a Jur\u00eddica - Amaral, Yazbek Advogados<\/title>\n<meta name=\"robots\" content=\"index, follow, max-snippet:-1, max-image-preview:large, max-video-preview:-1\" \/>\n<link rel=\"canonical\" href=\"https:\/\/www.ayadvogados.com.br\/?page_id=68\" \/>\n<meta property=\"og:locale\" content=\"pt_BR\" \/>\n<meta property=\"og:type\" content=\"article\" \/>\n<meta property=\"og:title\" content=\"Revista Governan\u00e7a Jur\u00eddica - Amaral, Yazbek Advogados\" \/>\n<meta property=\"og:description\" content=\"A Revista Governan\u00e7a Jur\u00eddica\u00a0cont\u00e9m mat\u00e9rias exclusivas dando dicas de ordem tribut\u00e1ria para que os empres\u00e1rios, independentemente do porte do seu neg\u00f3cio e profissionais respons\u00e1veis pelo jur\u00eddico e \u00e1rea fiscal das empresas, possam reduzir os seus custos atrav\u00e9s da Intelig\u00eancia de Neg\u00f3cio, Governan\u00e7a e Planejamento Tribut\u00e1rio. Fa\u00e7a seu cadastro e tenha acesso gratuitamente \u00e0s 10 edi\u00e7\u00f5es [&hellip;]\" \/>\n<meta property=\"og:url\" content=\"https:\/\/www.ayadvogados.com.br\/?page_id=68\" \/>\n<meta property=\"og:site_name\" content=\"Amaral, Yazbek Advogados\" \/>\n<meta property=\"article:publisher\" content=\"https:\/\/www.facebook.com\/AYadvogados\" \/>\n<meta property=\"article:modified_time\" content=\"2021-10-04T20:54:55+00:00\" \/>\n<meta property=\"og:image\" content=\"http:\/\/ayadvogados.com.br\/wp-content\/uploads\/2021\/04\/revista-gov.png\" \/>\n<meta name=\"twitter:card\" content=\"summary_large_image\" \/>\n<meta name=\"twitter:label1\" content=\"Est. tempo de leitura\" \/>\n\t<meta name=\"twitter:data1\" content=\"1 minuto\" \/>\n<script type=\"application\/ld+json\" class=\"yoast-schema-graph\">{\"@context\":\"https:\\\/\\\/schema.org\",\"@graph\":[{\"@type\":\"WebPage\",\"@id\":\"https:\\\/\\\/www.ayadvogados.com.br\\\/?page_id=68\",\"url\":\"https:\\\/\\\/www.ayadvogados.com.br\\\/?page_id=68\",\"name\":\"Revista Governan\u00e7a Jur\u00eddica - Amaral, Yazbek Advogados\",\"isPartOf\":{\"@id\":\"https:\\\/\\\/www.34.239.117.254.sslip.io\\\/#website\"},\"primaryImageOfPage\":{\"@id\":\"https:\\\/\\\/www.ayadvogados.com.br\\\/?page_id=68#primaryimage\"},\"image\":{\"@id\":\"https:\\\/\\\/www.ayadvogados.com.br\\\/?page_id=68#primaryimage\"},\"thumbnailUrl\":\"http:\\\/\\\/ayadvogados.com.br\\\/wp-content\\\/uploads\\\/2021\\\/04\\\/revista-gov.png\",\"datePublished\":\"2021-02-24T21:09:19+00:00\",\"dateModified\":\"2021-10-04T20:54:55+00:00\",\"breadcrumb\":{\"@id\":\"https:\\\/\\\/www.ayadvogados.com.br\\\/?page_id=68#breadcrumb\"},\"inLanguage\":\"pt-BR\",\"potentialAction\":[{\"@type\":\"ReadAction\",\"target\":[\"https:\\\/\\\/www.ayadvogados.com.br\\\/?page_id=68\"]}]},{\"@type\":\"ImageObject\",\"inLanguage\":\"pt-BR\",\"@id\":\"https:\\\/\\\/www.ayadvogados.com.br\\\/?page_id=68#primaryimage\",\"url\":\"http:\\\/\\\/ayadvogados.com.br\\\/wp-content\\\/uploads\\\/2021\\\/04\\\/revista-gov.png\",\"contentUrl\":\"http:\\\/\\\/ayadvogados.com.br\\\/wp-content\\\/uploads\\\/2021\\\/04\\\/revista-gov.png\"},{\"@type\":\"BreadcrumbList\",\"@id\":\"https:\\\/\\\/www.ayadvogados.com.br\\\/?page_id=68#breadcrumb\",\"itemListElement\":[{\"@type\":\"ListItem\",\"position\":1,\"name\":\"In\u00edcio\",\"item\":\"https:\\\/\\\/www.ayadvogados.com.br\\\/\"},{\"@type\":\"ListItem\",\"position\":2,\"name\":\"Revista Governan\u00e7a Jur\u00eddica\"}]},{\"@type\":\"WebSite\",\"@id\":\"https:\\\/\\\/www.34.239.117.254.sslip.io\\\/#website\",\"url\":\"https:\\\/\\\/www.34.239.117.254.sslip.io\\\/\",\"name\":\"Amaral, Yazbek Advogados\",\"description\":\"Curitiba \u2022 Bras\u00edlia \u2022 S\u00e3o Paulo\",\"publisher\":{\"@id\":\"https:\\\/\\\/www.34.239.117.254.sslip.io\\\/#organization\"},\"potentialAction\":[{\"@type\":\"SearchAction\",\"target\":{\"@type\":\"EntryPoint\",\"urlTemplate\":\"https:\\\/\\\/www.34.239.117.254.sslip.io\\\/?s={search_term_string}\"},\"query-input\":{\"@type\":\"PropertyValueSpecification\",\"valueRequired\":true,\"valueName\":\"search_term_string\"}}],\"inLanguage\":\"pt-BR\"},{\"@type\":\"Organization\",\"@id\":\"https:\\\/\\\/www.34.239.117.254.sslip.io\\\/#organization\",\"name\":\"Amaral, Yazbek Advogados\",\"url\":\"https:\\\/\\\/www.34.239.117.254.sslip.io\\\/\",\"logo\":{\"@type\":\"ImageObject\",\"inLanguage\":\"pt-BR\",\"@id\":\"https:\\\/\\\/www.34.239.117.254.sslip.io\\\/#\\\/schema\\\/logo\\\/image\\\/\",\"url\":\"http:\\\/\\\/34.239.117.254\\\/wp-content\\\/uploads\\\/2021\\\/03\\\/logo-ay-g.png\",\"contentUrl\":\"http:\\\/\\\/34.239.117.254\\\/wp-content\\\/uploads\\\/2021\\\/03\\\/logo-ay-g.png\",\"width\":434,\"height\":106,\"caption\":\"Amaral, Yazbek Advogados\"},\"image\":{\"@id\":\"https:\\\/\\\/www.34.239.117.254.sslip.io\\\/#\\\/schema\\\/logo\\\/image\\\/\"},\"sameAs\":[\"https:\\\/\\\/www.facebook.com\\\/AYadvogados\",\"https:\\\/\\\/www.instagram.com\\\/ayadvogados\\\/\"]}]}<\/script>\n<!-- \/ Yoast SEO plugin. -->","yoast_head_json":{"title":"Revista Governan\u00e7a Jur\u00eddica - Amaral, Yazbek Advogados","robots":{"index":"index","follow":"follow","max-snippet":"max-snippet:-1","max-image-preview":"max-image-preview:large","max-video-preview":"max-video-preview:-1"},"canonical":"https:\/\/www.ayadvogados.com.br\/?page_id=68","og_locale":"pt_BR","og_type":"article","og_title":"Revista Governan\u00e7a Jur\u00eddica - Amaral, Yazbek Advogados","og_description":"A Revista Governan\u00e7a Jur\u00eddica\u00a0cont\u00e9m mat\u00e9rias exclusivas dando dicas de ordem tribut\u00e1ria para que os empres\u00e1rios, independentemente do porte do seu neg\u00f3cio e profissionais respons\u00e1veis pelo jur\u00eddico e \u00e1rea fiscal das empresas, possam reduzir os seus custos atrav\u00e9s da Intelig\u00eancia de Neg\u00f3cio, Governan\u00e7a e Planejamento Tribut\u00e1rio. Fa\u00e7a seu cadastro e tenha acesso gratuitamente \u00e0s 10 edi\u00e7\u00f5es [&hellip;]","og_url":"https:\/\/www.ayadvogados.com.br\/?page_id=68","og_site_name":"Amaral, Yazbek Advogados","article_publisher":"https:\/\/www.facebook.com\/AYadvogados","article_modified_time":"2021-10-04T20:54:55+00:00","og_image":[{"url":"http:\/\/ayadvogados.com.br\/wp-content\/uploads\/2021\/04\/revista-gov.png","type":"","width":"","height":""}],"twitter_card":"summary_large_image","twitter_misc":{"Est. tempo de leitura":"1 minuto"},"schema":{"@context":"https:\/\/schema.org","@graph":[{"@type":"WebPage","@id":"https:\/\/www.ayadvogados.com.br\/?page_id=68","url":"https:\/\/www.ayadvogados.com.br\/?page_id=68","name":"Revista Governan\u00e7a Jur\u00eddica - Amaral, Yazbek Advogados","isPartOf":{"@id":"https:\/\/www.34.239.117.254.sslip.io\/#website"},"primaryImageOfPage":{"@id":"https:\/\/www.ayadvogados.com.br\/?page_id=68#primaryimage"},"image":{"@id":"https:\/\/www.ayadvogados.com.br\/?page_id=68#primaryimage"},"thumbnailUrl":"http:\/\/ayadvogados.com.br\/wp-content\/uploads\/2021\/04\/revista-gov.png","datePublished":"2021-02-24T21:09:19+00:00","dateModified":"2021-10-04T20:54:55+00:00","breadcrumb":{"@id":"https:\/\/www.ayadvogados.com.br\/?page_id=68#breadcrumb"},"inLanguage":"pt-BR","potentialAction":[{"@type":"ReadAction","target":["https:\/\/www.ayadvogados.com.br\/?page_id=68"]}]},{"@type":"ImageObject","inLanguage":"pt-BR","@id":"https:\/\/www.ayadvogados.com.br\/?page_id=68#primaryimage","url":"http:\/\/ayadvogados.com.br\/wp-content\/uploads\/2021\/04\/revista-gov.png","contentUrl":"http:\/\/ayadvogados.com.br\/wp-content\/uploads\/2021\/04\/revista-gov.png"},{"@type":"BreadcrumbList","@id":"https:\/\/www.ayadvogados.com.br\/?page_id=68#breadcrumb","itemListElement":[{"@type":"ListItem","position":1,"name":"In\u00edcio","item":"https:\/\/www.ayadvogados.com.br\/"},{"@type":"ListItem","position":2,"name":"Revista Governan\u00e7a Jur\u00eddica"}]},{"@type":"WebSite","@id":"https:\/\/www.34.239.117.254.sslip.io\/#website","url":"https:\/\/www.34.239.117.254.sslip.io\/","name":"Amaral, Yazbek Advogados","description":"Curitiba \u2022 Bras\u00edlia \u2022 S\u00e3o Paulo","publisher":{"@id":"https:\/\/www.34.239.117.254.sslip.io\/#organization"},"potentialAction":[{"@type":"SearchAction","target":{"@type":"EntryPoint","urlTemplate":"https:\/\/www.34.239.117.254.sslip.io\/?s={search_term_string}"},"query-input":{"@type":"PropertyValueSpecification","valueRequired":true,"valueName":"search_term_string"}}],"inLanguage":"pt-BR"},{"@type":"Organization","@id":"https:\/\/www.34.239.117.254.sslip.io\/#organization","name":"Amaral, Yazbek Advogados","url":"https:\/\/www.34.239.117.254.sslip.io\/","logo":{"@type":"ImageObject","inLanguage":"pt-BR","@id":"https:\/\/www.34.239.117.254.sslip.io\/#\/schema\/logo\/image\/","url":"http:\/\/34.239.117.254\/wp-content\/uploads\/2021\/03\/logo-ay-g.png","contentUrl":"http:\/\/34.239.117.254\/wp-content\/uploads\/2021\/03\/logo-ay-g.png","width":434,"height":106,"caption":"Amaral, Yazbek Advogados"},"image":{"@id":"https:\/\/www.34.239.117.254.sslip.io\/#\/schema\/logo\/image\/"},"sameAs":["https:\/\/www.facebook.com\/AYadvogados","https:\/\/www.instagram.com\/ayadvogados\/"]}]}},"rttpg_featured_image_url":null,"rttpg_author":{"display_name":"Infra","author_link":"https:\/\/www.ayadvogados.com.br\/?author=3"},"rttpg_comment":0,"rttpg_category":null,"rttpg_excerpt":"A Revista Governan\u00e7a Jur\u00eddica\u00a0cont\u00e9m mat\u00e9rias exclusivas dando dicas de ordem tribut\u00e1ria para que os empres\u00e1rios, independentemente do porte do seu neg\u00f3cio e profissionais respons\u00e1veis pelo jur\u00eddico e \u00e1rea fiscal das empresas, possam reduzir os seus custos atrav\u00e9s da Intelig\u00eancia de Neg\u00f3cio, Governan\u00e7a e Planejamento Tribut\u00e1rio. Fa\u00e7a seu cadastro e tenha acesso gratuitamente \u00e0s 10 edi\u00e7\u00f5es&hellip;","_links":{"self":[{"href":"https:\/\/www.ayadvogados.com.br\/index.php?rest_route=\/wp\/v2\/pages\/68","targetHints":{"allow":["GET"]}}],"collection":[{"href":"https:\/\/www.ayadvogados.com.br\/index.php?rest_route=\/wp\/v2\/pages"}],"about":[{"href":"https:\/\/www.ayadvogados.com.br\/index.php?rest_route=\/wp\/v2\/types\/page"}],"author":[{"embeddable":true,"href":"https:\/\/www.ayadvogados.com.br\/index.php?rest_route=\/wp\/v2\/users\/3"}],"replies":[{"embeddable":true,"href":"https:\/\/www.ayadvogados.com.br\/index.php?rest_route=%2Fwp%2Fv2%2Fcomments&post=68"}],"version-history":[{"count":59,"href":"https:\/\/www.ayadvogados.com.br\/index.php?rest_route=\/wp\/v2\/pages\/68\/revisions"}],"predecessor-version":[{"id":1660,"href":"https:\/\/www.ayadvogados.com.br\/index.php?rest_route=\/wp\/v2\/pages\/68\/revisions\/1660"}],"wp:attachment":[{"href":"https:\/\/www.ayadvogados.com.br\/index.php?rest_route=%2Fwp%2Fv2%2Fmedia&parent=68"}],"curies":[{"name":"wp","href":"https:\/\/api.w.org\/{rel}","templated":true}]}}